{"id":5,"date":"2024-07-29T10:35:18","date_gmt":"2024-07-29T10:35:18","guid":{"rendered":"https:\/\/satupaivakodit.fi\/?page_id=5"},"modified":"2026-03-18T12:15:54","modified_gmt":"2026-03-18T12:15:54","slug":"home","status":"publish","type":"page","link":"https:\/\/satupaivakodit.fi\/en\/","title":{"rendered":"Home"},"content":{"rendered":"<div class=\"wp-block-kenta-blocks-spacer kb-spacer-7cea5890 kb-spacer\" aria-hidden=\"true\"><\/div>\n\n\n\n<h1 class=\"wp-block-heading has-text-align-center has-text-color has-link-color has-kenta-font-xlarge-font-size wp-elements-4c6318cdeaedda3b6ac37dc567f6b0fc\" style=\"color:#506444\"><strong>Satup\u00e4iv\u00e4kodit ovat toimineet Turun seudulla jo vuodesta 1971 \u2665<\/strong><\/h1>\n\n\n\n<hr class=\"wp-block-kenta-blocks-separator kb-separator-e16f31b7 kb-separator\"\/>\n\n\n\n<div class=\"wp-block-kenta-blocks-group kb-group-e6c519e7 kb-group\"><div class=\"kb-group-inner-container\">\n<div class=\"wp-block-kenta-blocks-section kb-section-9f9c0372 kb-section\">\n<div class=\"wp-block-kenta-blocks-column kb-column-wrapper kb-column-wrapper-e2f11ccb\"><div class=\"kb-column kb-column-e2f11ccb\"><div class=\"kb-column-content\">\n<p><strong>S <\/strong>atujen maailmat<br><strong>A<\/strong> ikaa kuunnella<br><strong>T<\/strong> asapuolisuus<br><strong>U<\/strong> rheilua eri muodoissa<br><strong>P<\/strong> erhe ja kasvatuskumppanuus<br><strong>\u00c4<\/strong> iti, is\u00e4, mummi ja kummi<br><strong>I<\/strong> loa leikist\u00e4 ja kavereista<br><strong>V<\/strong> asun toteutus<br><strong>\u00c4<\/strong> \u00e4nt\u00e4 ja iloa musiikista<br><strong>K<\/strong> odinomaisuus<br><strong>O<\/strong> ppimisymp\u00e4rist\u00f6<br><strong>T<\/strong> urvallinen ja monipuolinen toiminta<br><strong>I<\/strong> loinen lapsi<\/p>\n<\/div><\/div><\/div>\n\n\n\n<div class=\"wp-block-kenta-blocks-column kb-column-wrapper kb-column-wrapper-426a6a94\"><div class=\"kb-column kb-column-426a6a94\"><div class=\"kb-column-content\">\n<figure class=\"wp-block-image size-full is-resized has-custom-border is-style-default\"><img loading=\"lazy\" decoding=\"async\" width=\"645\" height=\"457\" src=\"https:\/\/satupaivakodit.fi\/wp-content\/uploads\/2024\/08\/Mainos1edit-1.png\" alt=\"\" class=\"wp-image-104\" style=\"border-radius:43px;object-fit:cover;width:511px;height:auto\" srcset=\"https:\/\/satupaivakodit.fi\/wp-content\/uploads\/2024\/08\/Mainos1edit-1.png 645w, https:\/\/satupaivakodit.fi\/wp-content\/uploads\/2024\/08\/Mainos1edit-1-300x213.png 300w, https:\/\/satupaivakodit.fi\/wp-content\/uploads\/2024\/08\/Mainos1edit-1-18x12.png 18w\" sizes=\"auto, (max-width: 645px) 100vw, 645px\" \/><\/figure>\n<\/div><\/div><\/div>\n<\/div>\n\n\n\n<div class=\"wp-block-kenta-blocks-spacer kb-spacer-8702bdf1 kb-spacer\" aria-hidden=\"true\"><\/div>\n\n\n\n<p class=\"has-text-align-center\">Lastenp\u00e4iv\u00e4koti Satunummi Oy on Turussa ja Raisiossa itsen\u00e4isesti toimiva, kotimainen ja yksityinen varhaiskasvatuspalveluita tarjoava yritys, joka on perustettu vuonna 1971. Satup\u00e4iv\u00e4kodeilla on kuusi eri yksikk\u00f6\u00e4: Turussa N\u00e4ttinummen alueella <a href=\"https:\/\/satupaivakodit.fi\/en\/paivakoti-satunummi-turku\/\" data-type=\"page\" data-id=\"125\">P\u00e4iv\u00e4koti Satunummi<\/a>, keskustan l\u00e4heisyydess\u00e4 <a href=\"https:\/\/satupaivakodit.fi\/en\/paivakoti-satuportsa-turku\/\" data-type=\"page\" data-id=\"129\">P\u00e4iv\u00e4koti Satuportsa<\/a> ja <a href=\"https:\/\/satupaivakodit.fi\/en\/paivakoti-satuherttua-turku\/\" data-type=\"page\" data-id=\"137\">P\u00e4iv\u00e4koti Satuherttua<\/a>, Koivulassa <a href=\"https:\/\/satupaivakodit.fi\/en\/paivakoti-satukoivula-turku\/\" data-type=\"page\" data-id=\"141\">P\u00e4iv\u00e4koti Satukoivula<\/a>, Suikkilassa <a href=\"https:\/\/satupaivakodit.fi\/en\/paivakoti-satusuikkila-turku\/\" data-type=\"page\" data-id=\"121\">P\u00e4iv\u00e4koti Satusuikkila<\/a> sek\u00e4 Raisiossa Meri-Nuorikkalassa <a href=\"https:\/\/satupaivakodit.fi\/en\/paivakoti-satusaari-raisio\/\" data-type=\"page\" data-id=\"133\">P\u00e4iv\u00e4koti Satusaari<\/a>.<\/p>\n<\/div><\/div>\n\n\n\n<div class=\"wp-block-kenta-blocks-group kb-group-eb29df26 kb-group\"><div class=\"kb-group-inner-container\">\n<div class=\"wp-block-kenta-blocks-spacer kb-spacer-d0515283 kb-spacer\" aria-hidden=\"true\"><\/div>\n\n\n\n<h2 class=\"wp-block-heading has-text-align-center has-text-color has-link-color has-kenta-font-large-font-size wp-elements-e9b75b01e4ee177a684e1b68328ec5d4\" style=\"color:#506444\"><strong>Kokop\u00e4iv\u00e4pedagogiikka punaisena lankana<\/strong><\/h2>\n\n\n\n<p class=\"has-text-align-left has-kenta-accent-color has-text-color has-link-color has-kenta-font-medium-font-size wp-elements-c9b19a2231587b61c4a6e965a5e24a1e\">Ujo Nasu tai rohkea Supersankari, vekkuli Eemeli tai omasta rauhasta nauttiva Hemuli, Satup\u00e4iv\u00e4kodeilla jokainen lapsi on ainutlaatuinen, t\u00e4rke\u00e4 ja rakastettu ja jokaisella on lupa olla juuri sellainen kuin on. Jokaisella on oikeus tulla n\u00e4hdyksi, kuulluksi ja hyv\u00e4ksytyksi. Pyrimme ymm\u00e4rt\u00e4m\u00e4\u00e4n maailmaa lapsen silmin ja kohtaamaan niin ilot ja onnistumiset, kuin murheet ja haasteet lapsen tasolla.<\/p>\n\n\n\n<p>Tarjoamme jokaiselle lapselle turvallisen, l\u00e4mminhenkisen ja el\u00e4mysrikkaan kasvuymp\u00e4rist\u00f6n. Yhteinen tavoitteemme on s\u00e4ilytt\u00e4\u00e4 kodinomainen tunnelma ja tukea toisiamme kaikkina onnellisina ja niin\u00e4 v\u00e4h\u00e4n onnettomampinakin p\u00e4ivin\u00e4.<\/p>\n\n\n\n<p>Kohtaamme lapset aidosti, tasavertaisesti ja oikeudenmukaisesti. Jokaisella lapsella on oma onnistumisen ja oppimisen polkunsa ja me kuljemme siin\u00e4 rinnalla tukien ja kannustaen. Ja mit\u00e4 olisikaan lapsen oma onnistumisen polku ilman kodin ja varhaiskasvatuksen avointa ja luottamuksellista yhteisty\u00f6t\u00e4. Perheet otetaan p\u00e4iv\u00e4kodeissa l\u00e4mpim\u00e4sti, hyv\u00e4ksyv\u00e4sti ja arvostavasti vastaan.<\/p>\n\n\n\n<p>Sylit ja halit ovat tarjolla pahan mielen kohdatessa, kannustus ja tuki haasteiden \u00e4\u00e4rell\u00e4. Hassuttelu ja heitt\u00e4ytyminen kuuluvat my\u00f6s arkeen, niin lasten, kuin henkil\u00f6kunnankin osalta. Rajat ovat rakkautta ja niit\u00e4 my\u00f6s yhdess\u00e4 opettelemme yksil\u00f6in\u00e4 ja ryhm\u00e4ss\u00e4 toimien. Jokainen p\u00e4iv\u00e4 on pieni seikkailu leikin, liikkumisen, taiteen, musiikin, tutkimisen ja oppimisen maailmaan.<\/p>\n\n\n\n<p class=\"has-text-align-left has-kenta-accent-color has-text-color has-link-color has-kenta-font-medium-font-size wp-elements-f3a49d6ce5bab07fc6d0efcbdb28d519\">Kaikessa toiminnassamme ensisijaisena periaatteena on lapsen etu. Toimintamme on lasta arvostavaa, monipuolista ja toiminnallista hy\u00f6dynt\u00e4en pienryhm\u00e4toimintaa sek\u00e4 kokop\u00e4iv\u00e4pedagogiikan ja positiivisen pedagogiikan menetelmi\u00e4, jokainen hetki ja tilanne p\u00e4iv\u00e4ss\u00e4 on lapselle mielek\u00e4s ja merkityksellinen. <\/p>\n\n\n\n<div class=\"wp-block-kenta-blocks-spacer kb-spacer-81cc290b kb-spacer\" aria-hidden=\"true\"><\/div>\n\n\n\n<h2 class=\"wp-block-heading has-text-align-center has-text-color has-link-color wp-elements-93f8daddbac452a835d434f2da862ac1\" style=\"color:#506444\"><strong>Ammattitaitoinen ja syd\u00e4mellinen henkil\u00f6kunta on p\u00e4iv\u00e4kotiemme syd\u00e4n ja sielu<\/strong><\/h2>\n\n\n\n<p class=\"has-text-align-left\">Ammattitaitoiset ja ty\u00f6st\u00e4\u00e4n innostuneet varhaiskasvatuksen opettajat ja lastenhoitajat ammentavat ty\u00f6niloa aidosta v\u00e4litt\u00e4misest\u00e4, motivoituneisuudesta, huumorista ja yhteis\u00f6llisyydest\u00e4.<br><br>Varhaiskasvatuksen opettajalla on pedagoginen vastuu ryhm\u00e4n toiminnasta ja h\u00e4n laatii lapsille varhaiskasvatussuunnitelmat. Lis\u00e4ksi varhaiskasvatuksen opettaja huolehtii perheiden kanssa teht\u00e4v\u00e4st\u00e4 yhteisty\u00f6st\u00e4. Kokeneet varhaiskasvatuksen hoitajamme huolehtivat mm. lasten perushoidosta ja kasvatuksesta ja toteuttavat suunniteltua toimintaa.<br><br>Henkil\u00f6kuntamme pedagogisena tukena Satup\u00e4iv\u00e4kodeilla toimivat varhaiskasvatusjohtaja, p\u00e4iv\u00e4kodinjohtajat ja apulaisjohtajat sek\u00e4 konsultoivat varhaiskasvatuksen erityisopettajat ja ryhm\u00e4ss\u00e4 toimivat erityisopettajat. Laitoshuoltajilla on my\u00f6s t\u00e4rke\u00e4 rooli p\u00e4iv\u00e4kodeissamme, he tuovat mukanaan paitsi tilojen siisteyden my\u00f6s tapakasvatuksen mallin lapsille.<\/p>\n\n\n\n<div class=\"wp-block-kenta-blocks-spacer kb-spacer-48fb9087 kb-spacer\" aria-hidden=\"true\"><\/div>\n\n\n\n<h3 class=\"wp-block-heading has-text-align-center has-text-color has-link-color wp-elements-1ceed7191bf21524b33aec77f6993e51\" style=\"color:#506444\"><strong>Satup\u00e4iv\u00e4kotien arvot<\/strong><\/h3>\n\n\n\n<p class=\"has-text-align-center has-ast-global-color-4-background-color has-background\"><strong>Kokop\u00e4iv\u00e4pedagogiikka<br>Yksil\u00f6llisyys<br>Liikunta ja luonto<br>Monipuolisuus<br>Lasten ja perheiden osallisuus<br>Positiivinen pedagogiikka<\/strong><\/p>\n\n\n\n<div class=\"wp-block-kenta-blocks-spacer kb-spacer-d2cddc04 kb-spacer\" aria-hidden=\"true\"><\/div>\n<\/div><\/div>\n\n\n\n<div class=\"wp-block-kenta-blocks-group kb-group-6128a488 kb-group\"><div class=\"kb-group-inner-container\">\n<div class=\"wp-block-columns is-layout-flex wp-container-core-columns-is-layout-28f84493 wp-block-columns-is-layout-flex\">\n<div class=\"wp-block-column is-layout-flow wp-block-column-is-layout-flow\" style=\"flex-basis:100%\">\n<h2 class=\"wp-block-heading has-text-align-center has-text-color has-link-color wp-elements-1d6dfad338362e2eda4122cce2c385e0\" style=\"color:#506444\"><strong>Satup\u00e4iv\u00e4kotien varhaiskasvatustoiminta<\/strong><\/h2>\n\n\n\n<p class=\"has-text-align-left\">Satup\u00e4iv\u00e4kodit noudattavat kaikessa toiminnassaan varhaiskasvatuslakia sek\u00e4 valtakunnallista ja paikallista Turun sek\u00e4 Raision kaupungin varhaiskasvatussuunnitelmaa. Kaikissa p\u00e4iv\u00e4kodeissamme on k\u00e4yt\u00f6ss\u00e4 vuosittain p\u00e4ivitett\u00e4v\u00e4t pelastus-, turvallisuus- ja omavalvontasuunnitelmat, kiusaamisen ehk\u00e4isyn ja puuttumisen suunnitelmat, tasa-arvo- ja yhdenvertaisuussuunnitelmat, l\u00e4\u00e4kehoitosuunnitelmat sek\u00e4 ryhm\u00e4kohtaiset toimintasuunnitelmat. Satup\u00e4iv\u00e4kotien omavalvontasuunnitelmat ja tietosuojaseloste l\u00f6ytyv\u00e4t jokaisen p\u00e4iv\u00e4kodin eteistilojen ilmoitustaululta. P\u00e4iv\u00e4kotien Oiva-raportteihin voit tutustua <a href=\"http:\/\/oivahymy.fi\" data-type=\"link\" data-id=\"oiva.fi\">oivahymy.fi<\/a> sivustolla.<\/p>\n\n\n\n<div class=\"wp-block-kenta-blocks-spacer kb-spacer-0edac929 kb-spacer\" aria-hidden=\"true\"><\/div>\n\n\n\n<h2 class=\"wp-block-heading has-text-align-center has-text-color has-link-color wp-elements-f5df8dbf2d01665a93b69ab40ac75794\" style=\"color:#506444\"><strong>Varhaiskasvatuksen kuukausimaksut<\/strong><\/h2>\n\n\n\n<p class=\"has-text-align-left\"><a href=\"https:\/\/satupaivakodit.fi\/en\/varhaiskasvatusmaksut\/\" data-type=\"page\" data-id=\"193\">Varhaiskasvatuksen kuukausimaksut<\/a> ovat turkulaisille ja raisiolaisille samat kuin kunnallisessakin p\u00e4iv\u00e4hoidossa. Satup\u00e4iv\u00e4kodeissa on k\u00e4yt\u00f6ss\u00e4 palveluseteli turkulaisille ja raisiolaisille perheille. Seteli\u00e4 voit hakea kaupunkien nettisivuilta. Lis\u00e4ksi otamme hoitoon muissa kunnissa asuvien perheiden lapsia. Lis\u00e4tietoja varhaiskasvatusmaksuista voit tiedustella p\u00e4iv\u00e4kotien johtajalta. Autamme mielell\u00e4mme kaikissa hakuasioissa, <a href=\"https:\/\/satupaivakodit.fi\/en\/yhteystiedot\/\" data-type=\"page\" data-id=\"110\">otathan yhteytt\u00e4<\/a><\/p>\n<\/div>\n<\/div>\n<\/div><\/div>\n\n\n\n<div class=\"wp-block-kenta-blocks-spacer kb-spacer-d7704920 kb-spacer\" aria-hidden=\"true\"><\/div>","protected":false},"excerpt":{"rendered":"<p>Satup\u00e4iv\u00e4kodit ovat toimineet Turun seudulla jo vuodesta 1971 \u2665<\/p>","protected":false},"author":1,"featured_media":0,"parent":0,"menu_order":0,"comment_status":"closed","ping_status":"closed","template":"","meta":{"_seopress_robots_primary_cat":"","_seopress_titles_title":"Satup\u00e4iv\u00e4kodit\u2503Turku & Raisio","_seopress_titles_desc":"Lastenp\u00e4iv\u00e4koti Satunummi on Turussa ja Raisiossa itsen\u00e4isesti toimiva, kotimainen ja yksityinen varhaiskasvatuspalveluita tarjoava yritys.","_seopress_robots_index":"","site-sidebar-layout":"default","site-content-layout":"","ast-site-content-layout":"","site-content-style":"default","site-sidebar-style":"default","ast-global-header-display":"","ast-banner-title-visibility":"","ast-main-header-display":"","ast-hfb-above-header-display":"","ast-hfb-below-header-display":"","ast-hfb-mobile-header-display":"","site-post-title":"","ast-breadcrumbs-content":"","ast-featured-img":"","footer-sml-layout":"","ast-disable-related-posts":"","theme-transparent-header-meta":"","adv-header-id-meta":"","stick-header-meta":"","header-above-stick-meta":"","header-main-stick-meta":"","header-below-stick-meta":"","astra-migrate-meta-layouts":"default","ast-page-background-enabled":"default","ast-page-background-meta":{"desktop":{"background-color":"var(--ast-global-color-4)","background-image":"","background-repeat":"repeat","background-position":"center center","background-size":"auto","background-attachment":"scroll","background-type":"","background-media":"","overlay-type":"","overlay-color":"","overlay-opacity":"","overlay-gradient":""},"tablet":{"background-color":"","background-image":"","background-repeat":"repeat","background-position":"center center","background-size":"auto","background-attachment":"scroll","background-type":"","background-media":"","overlay-type":"","overlay-color":"","overlay-opacity":"","overlay-gradient":""},"mobile":{"background-color":"","background-image":"","background-repeat":"repeat","background-position":"center center","background-size":"auto","background-attachment":"scroll","background-type":"","background-media":"","overlay-type":"","overlay-color":"","overlay-opacity":"","overlay-gradient":""}},"ast-content-background-meta":{"desktop":{"background-color":"var(--ast-global-color-5)","background-image":"","background-repeat":"repeat","background-position":"center center","background-size":"auto","background-attachment":"scroll","background-type":"","background-media":"","overlay-type":"","overlay-color":"","overlay-opacity":"","overlay-gradient":""},"tablet":{"background-color":"var(--ast-global-color-5)","background-image":"","background-repeat":"repeat","background-position":"center center","background-size":"auto","background-attachment":"scroll","background-type":"","background-media":"","overlay-type":"","overlay-color":"","overlay-opacity":"","overlay-gradient":""},"mobile":{"background-color":"var(--ast-global-color-5)","background-image":"","background-repeat":"repeat","background-position":"center center","background-size":"auto","background-attachment":"scroll","background-type":"","background-media":"","overlay-type":"","overlay-color":"","overlay-opacity":"","overlay-gradient":""}},"footnotes":""},"class_list":["post-5","page","type-page","status-publish","hentry"],"_links":{"self":[{"href":"https:\/\/satupaivakodit.fi\/en\/wp-json\/wp\/v2\/pages\/5","targetHints":{"allow":["GET"]}}],"collection":[{"href":"https:\/\/satupaivakodit.fi\/en\/wp-json\/wp\/v2\/pages"}],"about":[{"href":"https:\/\/satupaivakodit.fi\/en\/wp-json\/wp\/v2\/types\/page"}],"author":[{"embeddable":true,"href":"https:\/\/satupaivakodit.fi\/en\/wp-json\/wp\/v2\/users\/1"}],"replies":[{"embeddable":true,"href":"https:\/\/satupaivakodit.fi\/en\/wp-json\/wp\/v2\/comments?post=5"}],"version-history":[{"count":72,"href":"https:\/\/satupaivakodit.fi\/en\/wp-json\/wp\/v2\/pages\/5\/revisions"}],"predecessor-version":[{"id":956,"href":"https:\/\/satupaivakodit.fi\/en\/wp-json\/wp\/v2\/pages\/5\/revisions\/956"}],"wp:attachment":[{"href":"https:\/\/satupaivakodit.fi\/en\/wp-json\/wp\/v2\/media?parent=5"}],"curies":[{"name":"wp","href":"https:\/\/api.w.org\/{rel}","templated":true}]}}